{"id":100,"date":"2018-05-30T09:47:49","date_gmt":"2018-05-30T07:47:49","guid":{"rendered":"http:\/\/www.epsvfmons.be\/?page_id=100"},"modified":"2026-01-27T15:54:26","modified_gmt":"2026-01-27T14:54:26","slug":"formation-daide-soignant","status":"publish","type":"page","link":"https:\/\/www.epsvfmons.be\/?page_id=100","title":{"rendered":"Formation d&rsquo;aide-soignant"},"content":{"rendered":"\n<figure class=\"wp-block-image size-full\"><img loading=\"lazy\" decoding=\"async\" width=\"455\" height=\"408\" src=\"https:\/\/www.epsvfmons.be\/wp-content\/uploads\/2026\/01\/image-6.png\" alt=\"\" class=\"wp-image-1067\" srcset=\"https:\/\/www.epsvfmons.be\/wp-content\/uploads\/2026\/01\/image-6.png 455w, https:\/\/www.epsvfmons.be\/wp-content\/uploads\/2026\/01\/image-6-300x269.png 300w\" sizes=\"(max-width: 455px) 100vw, 455px\" \/><\/figure>\n\n\n<p><strong>Profil\u00a0<\/strong><\/p>\n<p>Du fait de son accompagnement quotidien et continu, de sa relation de proximit\u00e9 avec le b\u00e9n\u00e9ficiaire, l\u2019aide-soignant\/aide-soignante apporte une aide qui permet de maintenir et\/ou de rendre un maximum de confort et d&rsquo;autonomie dans la r\u00e9alisation des activit\u00e9s de la vie quotidienne \u00e0 toute personne ayant des probl\u00e8mes de sant\u00e9 au sens large. Il\/elle est \u00ab\u00a0sp\u00e9cifiquement form\u00e9\/form\u00e9e pour assister l&rsquo;infirmier ou l&rsquo;infirmi\u00e8re, sous son contr\u00f4le, en mati\u00e8re de soins, d&rsquo;\u00e9ducation et de logistique, dans le cadre des activit\u00e9s coordonn\u00e9es par l&rsquo;infirmier ou l&rsquo;infirmi\u00e8re dans une \u00e9quipe structur\u00e9e\u00a0\u00bb.<\/p>\n<p>Ses actions s\u2019exercent en collectivit\u00e9s (services et institutions hospitaliers, maisons de repos, maisons de repos et de soins \u2026) et \u00e0 domicile.<\/p>\n<p>Ses activit\u00e9s cl\u00e9s sont\u00a0:<\/p>\n<ul>\n<li>Observer les \u00e9l\u00e9ments relatifs \u00e0 la sant\u00e9 du b\u00e9n\u00e9ficiaire de soin (BS) et rapporter les \u00e9ventuels changements pour assurer la continuit\u00e9 et la qualit\u00e9 des soins<\/li>\n<li>Effectuer des activit\u00e9s infirmi\u00e8res d\u00e9l\u00e9gu\u00e9es (en se r\u00e9f\u00e9rant aux l\u00e9gislations) ;<\/li>\n<li>Effectuer des activit\u00e9s li\u00e9es au soin en favorisant l\u2019autonomie du b\u00e9n\u00e9ficiaire de soins ;<\/li>\n<li>Participer au soutien psychosocial des b\u00e9n\u00e9ficiaires de soins et de leurs proches ;<\/li>\n<li>Effectuer des t\u00e2ches administratives pour le bon fonctionnement du service ;<\/li>\n<li>Effectuer des t\u00e2ches logistiques (entretien du linge, du domicile, les repas \u2026, gestion des stocks de certains mat\u00e9riels de soins, pr\u00e9paration des mat\u00e9riels de soins, etc.).<\/li>\n<\/ul>\n\n\n<p><strong>Lieux de prestation<\/strong><\/p>\n\n\n\n<p>Le m\u00e9tier d\u2019Aide-soignant offre la possibilit\u00e9 de travailler dans le secteur priv\u00e9 non marchand, le secteur priv\u00e9 marchand (commercial) et le secteur public, dans des environnements de travail tr\u00e8s vari\u00e9s&nbsp;:<\/p>\n\n\n\n<ul>\n<li>Milieu hospitalier\u00a0: h\u00f4pitaux g\u00e9n\u00e9raux, psychiatriques, mono-sp\u00e9cialis\u00e9s\u00a0et\/ou universitaires ;<\/li>\n\n\n\n<li>Soins en r\u00e9sidence pour personnes \u00e2g\u00e9es\u00a0: maison de repos pour personnes \u00e2g\u00e9es, maison de repos et de soins\u2026\u00a0;<\/li>\n\n\n\n<li>Maisons de soins psychiatriques\u00a0;<\/li>\n\n\n\n<li>Services de soins \u00e0 domicile ;<\/li>\n\n\n\n<li>Centres de jours ou de nuits\u00a0;<\/li>\n\n\n\n<li>Maisons m\u00e9dicales\u00a0;<\/li>\n\n\n\n<li>Centres pour personnes en situation de handicap.<\/li>\n<\/ul>\n\n\n\n<p><strong>Titre d\u00e9livr\u00e9<\/strong><\/p>\n\n\n\n<p>Certificat de qualification de l\u2019\u00ab AIDE-SOIGNANT&nbsp;\/AIDE-SOIGNANTE&nbsp;\u00bb correspondant au certificat de qualification \u00ab&nbsp;AIDE-SOIGNANT&nbsp;\/AIDE-SOIGNANTE&nbsp;\u00bb d\u00e9livr\u00e9 par l\u2019enseignement secondaire sup\u00e9rieur de plein exercice.<\/p>\n\n\n\n<p><strong><strong>Organigramme de la section<\/strong><\/strong><\/p>\n\n\n\n<figure class=\"wp-block-image size-full\"><img loading=\"lazy\" decoding=\"async\" width=\"945\" height=\"565\" src=\"https:\/\/www.epsvfmons.be\/wp-content\/uploads\/2026\/01\/image-7.png\" alt=\"\" class=\"wp-image-1069\" srcset=\"https:\/\/www.epsvfmons.be\/wp-content\/uploads\/2026\/01\/image-7.png 945w, https:\/\/www.epsvfmons.be\/wp-content\/uploads\/2026\/01\/image-7-300x179.png 300w, https:\/\/www.epsvfmons.be\/wp-content\/uploads\/2026\/01\/image-7-768x459.png 768w\" sizes=\"(max-width: 945px) 100vw, 945px\" \/><\/figure>\n\n\n\n<p><strong>Programmation<\/strong><\/p>\n\n\n\n<p>Deux formations par an&nbsp;:<\/p>\n\n\n\n<ul>\n<li>En septembre avec une s\u00e9ance d\u2019info\/inscription en juin<\/li>\n\n\n\n<li>En janvier avec une s\u00e9ance d\u2019info\/inscription en novembre<\/li>\n<\/ul>\n\n\n\n<p><strong>Condition d\u2019inscription<\/strong>&nbsp;<\/p>\n\n\n\n<p>Avec au minimum un CESI ou CE2D.<\/p>\n\n\n\n<p><strong>Dur\u00e9e de la formation&nbsp;<\/strong><\/p>\n\n\n\n<p>18 mois<\/p>\n\n\n\n<div class=\"wp-block-buttons is-layout-flex wp-block-buttons-is-layout-flex\">\n<div class=\"wp-block-button\"><a class=\"wp-block-button__link wp-element-button\" href=\"https:\/\/www.epsvfmons.be\/?page_id=81\">Inscription<\/a><\/div>\n<\/div>\n","protected":false},"excerpt":{"rendered":"<p>Profil\u00a0 Du fait de son accompagnement quotidien et continu, de sa relation de proximit\u00e9 avec le b\u00e9n\u00e9ficiaire, l\u2019aide-soignant\/aide-soignante apporte une aide qui permet de maintenir et\/ou de rendre un maximum de confort et d&rsquo;autonomie dans la r\u00e9alisation des activit\u00e9s de la vie quotidienne \u00e0 toute personne ayant des probl\u00e8mes de sant\u00e9 au sens large. Il\/elle [&hellip;]<\/p>\n","protected":false},"author":1,"featured_media":464,"parent":0,"menu_order":0,"comment_status":"closed","ping_status":"closed","template":"","meta":{"footnotes":""},"_links":{"self":[{"href":"https:\/\/www.epsvfmons.be\/index.php?rest_route=\/wp\/v2\/pages\/100"}],"collection":[{"href":"https:\/\/www.epsvfmons.be\/index.php?rest_route=\/wp\/v2\/pages"}],"about":[{"href":"https:\/\/www.epsvfmons.be\/index.php?rest_route=\/wp\/v2\/types\/page"}],"author":[{"embeddable":true,"href":"https:\/\/www.epsvfmons.be\/index.php?rest_route=\/wp\/v2\/users\/1"}],"replies":[{"embeddable":true,"href":"https:\/\/www.epsvfmons.be\/index.php?rest_route=%2Fwp%2Fv2%2Fcomments&post=100"}],"version-history":[{"count":8,"href":"https:\/\/www.epsvfmons.be\/index.php?rest_route=\/wp\/v2\/pages\/100\/revisions"}],"predecessor-version":[{"id":1070,"href":"https:\/\/www.epsvfmons.be\/index.php?rest_route=\/wp\/v2\/pages\/100\/revisions\/1070"}],"wp:featuredmedia":[{"embeddable":true,"href":"https:\/\/www.epsvfmons.be\/index.php?rest_route=\/wp\/v2\/media\/464"}],"wp:attachment":[{"href":"https:\/\/www.epsvfmons.be\/index.php?rest_route=%2Fwp%2Fv2%2Fmedia&parent=100"}],"curies":[{"name":"wp","href":"https:\/\/api.w.org\/{rel}","templated":true}]}}