{"id":1038,"date":"2026-01-27T14:32:54","date_gmt":"2026-01-27T13:32:54","guid":{"rendered":"https:\/\/www.epsvfmons.be\/?page_id=1038"},"modified":"2026-01-27T17:19:31","modified_gmt":"2026-01-27T16:19:31","slug":"esthetique-sociale","status":"publish","type":"page","link":"https:\/\/www.epsvfmons.be\/?page_id=1038","title":{"rendered":"Esth\u00e9tique sociale"},"content":{"rendered":"\n<blockquote class=\"wp-block-quote is-layout-flow wp-block-quote-is-layout-flow\">\n<blockquote class=\"wp-block-quote is-layout-flow wp-block-quote-is-layout-flow\">\n<p><\/p>\n<\/blockquote>\n<\/blockquote>\n\n\n\n<figure class=\"wp-block-image size-full\"><img loading=\"lazy\" decoding=\"async\" width=\"508\" height=\"491\" src=\"https:\/\/www.epsvfmons.be\/wp-content\/uploads\/2026\/01\/image.png\" alt=\"\" class=\"wp-image-1039\" srcset=\"https:\/\/www.epsvfmons.be\/wp-content\/uploads\/2026\/01\/image.png 508w, https:\/\/www.epsvfmons.be\/wp-content\/uploads\/2026\/01\/image-300x290.png 300w\" sizes=\"(max-width: 508px) 100vw, 508px\" \/><\/figure>\n\n\n\n<p><strong>Profil<\/strong><\/p>\n\n\n\n<p>Cette section vise \u00e0 permettre \u00e0 l\u2019\u00e9tudiant, \u00e0 travers toutes les activit\u00e9s d\u2019enseignement, de d\u00e9velopper des comp\u00e9tences th\u00e9oriques, techniques, pratiques et relationnelles, en vue d\u2019exercer le m\u00e9tier d\u2019esth\u00e9ticien social.<\/p>\n\n\n\n<p>L&rsquo;esth\u00e9ticien social dispose d\u2019une formation pr\u00e9alable en esth\u00e9tique lui permettant de d\u00e9terminer et effectuer sur des personnes des soins esth\u00e9tiques et d\u2019hygi\u00e8ne (soins de beaut\u00e9, soins corporels, maquillage, mise en beaut\u00e9 des mains et des pieds\u2026) ou de bien-\u00eatre (massages relaxants\u2026).<\/p>\n\n\n\n<p>De mani\u00e8re sp\u00e9cifique, l\u2019esth\u00e9ticien social utilise les soins esth\u00e9tiques pour favoriser le mieux-\u00eatre physique et relationnel de personnes fragilis\u00e9es (agression due \u00e0 la maladie, \u00e0 l\u2019\u00e2ge, aux accidents et aux th\u00e9rapies traumatiques\u2026) pour les aider \u00e0 construire ou \u00e0 retrouver leur image corporelle, leur identit\u00e9 personnelle et leur estime de soi. Il doit poss\u00e9der le sens du relationnel pour \u00e9tablir des contacts avec le b\u00e9n\u00e9ficiaire, lui proposer des soins esth\u00e9tiques appropri\u00e9s et dispenser des conseils ad\u00e9quats.<\/p>\n\n\n\n<p>Les activit\u00e9s-cl\u00e9s du m\u00e9tier d\u2019esth\u00e9ticiens sont constitu\u00e9es des actes professionnels suivants :<\/p>\n\n\n\n<ul>\n<li>les soins de beaut\u00e9 du visage (dames ou messieurs) ;<\/li>\n\n\n\n<li>les \u00e9pilations (dames ou messieurs, \u00e0 l\u2019exception des \u00e9pilations au laser) ;<\/li>\n\n\n\n<li>la coloration\/d\u00e9coloration des phan\u00e8res, la permanente des cils (dames ou messieurs)<\/li>\n\n\n\n<li>le maquillage de jour ou de soir (dames ou messieurs) ; \u00a8 les soins de beaut\u00e9 des mains (dames ou messieurs) ;<\/li>\n\n\n\n<li>les soins de beaut\u00e9 des pieds (dames ou messieurs) ;<\/li>\n\n\n\n<li>les soins de beaut\u00e9 du corps (dames ou messieurs) ;<\/li>\n\n\n\n<li>les massages-beaut\u00e9 (dames ou messieurs) ; \u00a8 le maquillage semi-permanent (dames ou messieurs) ;<\/li>\n\n\n\n<li>les modelages d\u2019ongles des mains et des pieds et la pose esth\u00e9tique de faux ongles (dames ou 6 messieurs).<\/li>\n<\/ul>\n\n\n\n<p>Il doit ensuite, dans le cadre du travail men\u00e9 de mani\u00e8re sp\u00e9cifique avec un public fragilis\u00e9,<\/p>\n\n\n\n<ul>\n<li>assurer la prise de contact avec le b\u00e9n\u00e9ficiaire et s\u00e9lectionner le soin esth\u00e9tique \u00e0 r\u00e9aliser ;<\/li>\n\n\n\n<li>r\u00e9aliser les soins esth\u00e9tiques en s\u2019adaptant aux contingences ;<\/li>\n\n\n\n<li>donner des conseils, des explications en mati\u00e8re de produits, de soins esth\u00e9tiques, d\u2019artifices, de maquillage<\/li>\n<\/ul>\n\n\n\n<p><strong>Lieux de prestation<\/strong><\/p>\n\n\n\n<p>Le m\u00e9tier s&rsquo;exerce g\u00e9n\u00e9ralement au sein d&rsquo;\u00e9tablissements de sant\u00e9. Il peut ainsi s&rsquo;agir d&rsquo;h\u00f4pitaux, de cliniques publiques ou priv\u00e9es, de services d\u2019aide \u00e0 domicile, de maisons de repos, d&rsquo;\u00e9tablissements sp\u00e9cialis\u00e9s dans l&rsquo;accueil de personnes fragilis\u00e9es ou souffrant de troubles divers\u2026<\/p>\n\n\n\n<p>Ci-apr\u00e8s les services les plus repr\u00e9sentatifs du m\u00e9tier:<\/p>\n\n\n\n<ul>\n<li>Services hospitaliers : h\u00e9mato-oncologie s\u00e9nologie soins palliatifs maternit\u00e9 g\u00e9riatrie psychiatrie h\u00f4pitaux de jour<\/li>\n\n\n\n<li>Maison de repos, maison de repos et de soins.<\/li>\n<\/ul>\n\n\n\n<p><strong>Titre d\u00e9livr\u00e9<\/strong><\/p>\n\n\n\n<p>Certificat de qualification d\u2019\u00ab Esth\u00e9ticien social \u00bb correspondant au certificat d\u2019 \u00ab Esth\u00e9ticien\/Esth\u00e9ticienne social\/e \u00bb d\u00e9livr\u00e9 par l\u2019enseignement secondaire sup\u00e9rieur de plein exercice.<\/p>\n\n\n\n<p>Certificat d\u2019\u00ab Esth\u00e9ticien \u00bb correspondant au certificat de qualification d\u2019 \u00ab Esth\u00e9ticien-ne \u00bb d\u00e9livr\u00e9 par l\u2019enseignement secondaire sup\u00e9rieur de plein exercice<\/p>\n\n\n\n<p><strong>Organigramme de la section<\/strong><\/p>\n\n\n\n<figure class=\"wp-block-image size-full\"><img loading=\"lazy\" decoding=\"async\" width=\"605\" height=\"170\" src=\"https:\/\/www.epsvfmons.be\/wp-content\/uploads\/2026\/01\/image-1.png\" alt=\"\" class=\"wp-image-1040\" srcset=\"https:\/\/www.epsvfmons.be\/wp-content\/uploads\/2026\/01\/image-1.png 605w, https:\/\/www.epsvfmons.be\/wp-content\/uploads\/2026\/01\/image-1-300x84.png 300w\" sizes=\"(max-width: 605px) 100vw, 605px\" \/><\/figure>\n\n\n\n<p><strong>Programmation<\/strong><\/p>\n\n\n\n<p>Septembre<\/p>\n\n\n\n<p><strong>Condition d\u2019inscription<\/strong>&nbsp;<\/p>\n\n\n\n<p>Certification de qualification \u00ab Esth\u00e9ticien \u00bb de l\u2019enseignement de promotion sociale correspondant au certificat de qualification de \u00ab Esth\u00e9ticien(ne)\u00bb d\u00e9livr\u00e9 par l\u2019enseignement secondaire sup\u00e9rieur de plein exercice.<\/p>\n\n\n\n<p><strong>Dur\u00e9e de la formation&nbsp;<\/strong><\/p>\n\n\n\n<p>10 mois<\/p>\n\n\n\n<p><strong>Lieu des cours <\/strong><\/p>\n\n\n\n<p>Les cours se donnent sur le site de St Fran\u00e7ois \u00e0 ATH<\/p>\n\n\n\n<figure class=\"wp-block-image size-full\"><img loading=\"lazy\" decoding=\"async\" width=\"122\" height=\"114\" src=\"https:\/\/www.epsvfmons.be\/wp-content\/uploads\/2026\/01\/image-18.png\" alt=\"\" class=\"wp-image-1120\"\/><\/figure>\n\n\n\n<p><strong>Cout de la formation<\/strong><\/p>\n\n\n\n<p>350\u20ac de droit d&rsquo;inscription qui comprend les produits sp\u00e9cifiques \u00e0 utiliser durant les stages. <\/p>\n\n\n\n<div class=\"wp-block-buttons is-layout-flex wp-block-buttons-is-layout-flex\">\n<div class=\"wp-block-button\"><a class=\"wp-block-button__link wp-element-button\" href=\"https:\/\/www.epsvfmons.be\/?page_id=81\">Inscription<\/a><\/div>\n<\/div>\n\n\n\n<p><\/p>\n","protected":false},"excerpt":{"rendered":"<p>Profil Cette section vise \u00e0 permettre \u00e0 l\u2019\u00e9tudiant, \u00e0 travers toutes les activit\u00e9s d\u2019enseignement, de d\u00e9velopper des comp\u00e9tences th\u00e9oriques, techniques, pratiques et relationnelles, en vue d\u2019exercer le m\u00e9tier d\u2019esth\u00e9ticien social. L&rsquo;esth\u00e9ticien social dispose d\u2019une formation pr\u00e9alable en esth\u00e9tique lui permettant de d\u00e9terminer et effectuer sur des personnes des soins esth\u00e9tiques et d\u2019hygi\u00e8ne (soins de beaut\u00e9, [&hellip;]<\/p>\n","protected":false},"author":3,"featured_media":0,"parent":0,"menu_order":0,"comment_status":"closed","ping_status":"closed","template":"","meta":{"footnotes":""},"_links":{"self":[{"href":"https:\/\/www.epsvfmons.be\/index.php?rest_route=\/wp\/v2\/pages\/1038"}],"collection":[{"href":"https:\/\/www.epsvfmons.be\/index.php?rest_route=\/wp\/v2\/pages"}],"about":[{"href":"https:\/\/www.epsvfmons.be\/index.php?rest_route=\/wp\/v2\/types\/page"}],"author":[{"embeddable":true,"href":"https:\/\/www.epsvfmons.be\/index.php?rest_route=\/wp\/v2\/users\/3"}],"replies":[{"embeddable":true,"href":"https:\/\/www.epsvfmons.be\/index.php?rest_route=%2Fwp%2Fv2%2Fcomments&post=1038"}],"version-history":[{"count":4,"href":"https:\/\/www.epsvfmons.be\/index.php?rest_route=\/wp\/v2\/pages\/1038\/revisions"}],"predecessor-version":[{"id":1121,"href":"https:\/\/www.epsvfmons.be\/index.php?rest_route=\/wp\/v2\/pages\/1038\/revisions\/1121"}],"wp:attachment":[{"href":"https:\/\/www.epsvfmons.be\/index.php?rest_route=%2Fwp%2Fv2%2Fmedia&parent=1038"}],"curies":[{"name":"wp","href":"https:\/\/api.w.org\/{rel}","templated":true}]}}